{"id":3365,"date":"2020-06-01T11:51:27","date_gmt":"2020-06-01T09:51:27","guid":{"rendered":"https:\/\/www.lasdefleur.com\/shop\/?page_id=3365"},"modified":"2025-01-22T17:05:35","modified_gmt":"2025-01-22T16:05:35","slug":"bouquets","status":"publish","type":"page","link":"https:\/\/www.lasdefleur.com\/shop\/bouquets\/","title":{"rendered":"Bouquets"},"content":{"rendered":"<p>[vc_row css=\u00a0\u00bb.vc_custom_1519263919198{margin-bottom: 52px !important;}\u00a0\u00bb][vc_column]\t\t<div class=\"addon-title text-center title-color-default title-size-medium\">\n\t\t\t\n\t\t\t<div class=\"line-wrap\"><span class=\"left-line\"><\/span><h3 class=\"title\">NOS BOUQUETS<\/h3><span class=\"right-line\"><\/span><\/div>\n\n\t\t\t\t\t\t\t<div class=\"description\">D\u00e9couvrez notre collection de bouquets<\/div>\n\t\t\t\n\t\t<\/div>\n\n\t\t\n        <div class=\"adiva-products\">\n            \n                                                <div class=\"product-layout-wrapper\">\n\t<div class=\"wc-loading w-30\"><\/div>\n\t<div class=\"products product-layout clearfix wc-product-masonry product-spacing-10 grid-columns-6\" data-masonry='{\"selector\":\".product-design-grid\",\"layoutMode\":\"fitRows\",\"columnWidth\":\".product-design-grid\"}'>\n                \n    \t\t\t\t\n    \t\t\t\t\t\n<div class=\"product-item product-design-grid product-style-1 hover-image-load post-4613 product type-product status-publish has-post-thumbnail product_cat-bouquets first instock taxable shipping-taxable purchasable product-type-variable\">\n\t\n<div class=\"product-box product-preset-2e2e2e\">\n\t<div class=\"product-thumb pr oh\">\n\t\t<a href=\"https:\/\/www.lasdefleur.com\/shop\/boutique\/bouquets\/carte-cadeau\/\" class=\"woocommerce-LoopProduct-link woocommerce-loop-product__link\"><img loading=\"lazy\" decoding=\"async\" width=\"500\" height=\"500\" src=\"https:\/\/www.lasdefleur.com\/shop\/wp-content\/uploads\/2024\/02\/LAS-d5.png\" class=\"attachment-shop_catalog size-shop_catalog\" alt=\"Bon cadeau\" srcset=\"https:\/\/www.lasdefleur.com\/shop\/wp-content\/uploads\/2024\/02\/LAS-d5.png 500w, https:\/\/www.lasdefleur.com\/shop\/wp-content\/uploads\/2024\/02\/LAS-d5-300x300.png 300w, https:\/\/www.lasdefleur.com\/shop\/wp-content\/uploads\/2024\/02\/LAS-d5-150x150.png 150w, https:\/\/www.lasdefleur.com\/shop\/wp-content\/uploads\/2024\/02\/LAS-d5-450x450.png 450w, https:\/\/www.lasdefleur.com\/shop\/wp-content\/uploads\/2024\/02\/LAS-d5-100x100.png 100w\" sizes=\"auto, (max-width: 500px) 100vw, 500px\" \/><\/a>\n\t\t<ul class=\"product-btn in-thumb flex\">\n\t\t\t\t\t\t\t<li><a href=\"https:\/\/www.lasdefleur.com\/shop\/boutique\/bouquets\/carte-cadeau\/\" data-quantity=\"1\" class=\"button-cart button product_type_variable add_to_cart_button\" data-product_id=\"4613\" data-product_sku=\"\" aria-label=\"S\u00e9lectionner les options pour &ldquo;Bon cadeau&rdquo;\" rel=\"nofollow\"><span class=\"tooltip\">Choix des options<\/span><\/a><\/li>\n\t\t\t\n\t\t\t\t\t<\/ul>\n\t<\/div>\n\n\t<div class=\"product-info\">\n\t\t<div class=\"product-cat\"> <a href=\"https:\/\/www.lasdefleur.com\/shop\/product-category\/bouquets\/\" rel=\"tag\">Bouquets<\/a><\/div>\n\t\t<a href=\"https:\/\/www.lasdefleur.com\/shop\/boutique\/bouquets\/carte-cadeau\/\" class=\"woocommerce-LoopProduct-link woocommerce-loop-product__link\">Bon cadeau<\/a>\n\t\t\n\t<span class=\"price\">A partir de <span class=\"woocommerce-Price-amount amount\"><bdi>30,00&nbsp;<span class=\"woocommerce-Price-currencySymbol\">&euro;<\/span><\/bdi><\/span><\/span>\n\n\t<\/div>\n\n<\/div>\n<\/div>\n\n    \t\t\t\t\n    \t\t\t\t\t\n    \t\t\t\t\n    \t\t\t\t\t\n<div class=\"product-item product-design-grid product-style-1 hover-image-load post-3420 product type-product status-publish has-post-thumbnail product_cat-bouquets product_cat-page-daccueil  instock taxable shipping-taxable purchasable product-type-variable\">\n\t\n<div class=\"product-box product-preset-2e2e2e\">\n\t<div class=\"product-thumb pr oh\">\n\t\t<a href=\"https:\/\/www.lasdefleur.com\/shop\/boutique\/bouquets\/bouquet-clementine\/\" class=\"woocommerce-LoopProduct-link woocommerce-loop-product__link\"><img loading=\"lazy\" decoding=\"async\" width=\"1706\" height=\"1707\" src=\"https:\/\/www.lasdefleur.com\/shop\/wp-content\/uploads\/2025\/04\/54480479841_3887848f3e_o-scaled-e1745959610604.jpg\" class=\"attachment-shop_catalog size-shop_catalog\" alt=\"Bouquet Ines\" srcset=\"https:\/\/www.lasdefleur.com\/shop\/wp-content\/uploads\/2025\/04\/54480479841_3887848f3e_o-scaled-e1745959610604.jpg 1706w, https:\/\/www.lasdefleur.com\/shop\/wp-content\/uploads\/2025\/04\/54480479841_3887848f3e_o-scaled-e1745959610604-300x300.jpg 300w, https:\/\/www.lasdefleur.com\/shop\/wp-content\/uploads\/2025\/04\/54480479841_3887848f3e_o-scaled-e1745959610604-1024x1024.jpg 1024w, https:\/\/www.lasdefleur.com\/shop\/wp-content\/uploads\/2025\/04\/54480479841_3887848f3e_o-scaled-e1745959610604-150x150.jpg 150w, https:\/\/www.lasdefleur.com\/shop\/wp-content\/uploads\/2025\/04\/54480479841_3887848f3e_o-scaled-e1745959610604-768x768.jpg 768w, https:\/\/www.lasdefleur.com\/shop\/wp-content\/uploads\/2025\/04\/54480479841_3887848f3e_o-scaled-e1745959610604-1536x1536.jpg 1536w, https:\/\/www.lasdefleur.com\/shop\/wp-content\/uploads\/2025\/04\/54480479841_3887848f3e_o-scaled-e1745959610604-450x450.jpg 450w, https:\/\/www.lasdefleur.com\/shop\/wp-content\/uploads\/2025\/04\/54480479841_3887848f3e_o-scaled-e1745959610604-600x600.jpg 600w, https:\/\/www.lasdefleur.com\/shop\/wp-content\/uploads\/2025\/04\/54480479841_3887848f3e_o-scaled-e1745959610604-100x100.jpg 100w\" sizes=\"auto, (max-width: 1706px) 100vw, 1706px\" \/><\/a>\n\t\t<ul class=\"product-btn in-thumb flex\">\n\t\t\t\t\t\t\t<li><a href=\"https:\/\/www.lasdefleur.com\/shop\/boutique\/bouquets\/bouquet-clementine\/\" data-quantity=\"1\" class=\"button-cart button product_type_variable add_to_cart_button\" data-product_id=\"3420\" data-product_sku=\"\" aria-label=\"S\u00e9lectionner les options pour &ldquo;Bouquet Ines&rdquo;\" rel=\"nofollow\"><span class=\"tooltip\">Choix des options<\/span><\/a><\/li>\n\t\t\t\n\t\t\t\t\t<\/ul>\n\t<\/div>\n\n\t<div class=\"product-info\">\n\t\t<div class=\"product-cat\"> <a href=\"https:\/\/www.lasdefleur.com\/shop\/product-category\/bouquets\/\" rel=\"tag\">Bouquets<\/a>, <a href=\"https:\/\/www.lasdefleur.com\/shop\/product-category\/page-daccueil\/\" rel=\"tag\">Page d'accueil<\/a><\/div>\n\t\t<a href=\"https:\/\/www.lasdefleur.com\/shop\/boutique\/bouquets\/bouquet-clementine\/\" class=\"woocommerce-LoopProduct-link woocommerce-loop-product__link\">Bouquet Ines<\/a>\n\t\t\n\t<span class=\"price\">A partir de <span class=\"woocommerce-Price-amount amount\"><bdi>40,00&nbsp;<span class=\"woocommerce-Price-currencySymbol\">&euro;<\/span><\/bdi><\/span><\/span>\n\n\t<\/div>\n\n<\/div>\n<\/div>\n\n    \t\t\t\t\n    \t\t\t\t\t\n    \t\t\t\t\n    \t\t\t\t\t\n    \t\t\t\t\n    \t\t\t\t\t\n<div class=\"product-item product-design-grid product-style-1 hover-image-load post-3429 product type-product status-publish has-post-thumbnail product_cat-bouquets product_cat-page-daccueil  instock taxable shipping-taxable purchasable product-type-variable\">\n\t\n<div class=\"product-box product-preset-2e2e2e\">\n\t<div class=\"product-thumb pr oh\">\n\t\t<a href=\"https:\/\/www.lasdefleur.com\/shop\/boutique\/bouquets\/bouquet-mystere\/\" class=\"woocommerce-LoopProduct-link woocommerce-loop-product__link\"><img loading=\"lazy\" decoding=\"async\" width=\"250\" height=\"250\" src=\"https:\/\/www.lasdefleur.com\/shop\/wp-content\/uploads\/2021\/09\/243158354_2998342480451690_9112799270283922937_n.jpg\" class=\"attachment-shop_catalog size-shop_catalog\" alt=\"Bouquet myst\u00e8re\" srcset=\"https:\/\/www.lasdefleur.com\/shop\/wp-content\/uploads\/2021\/09\/243158354_2998342480451690_9112799270283922937_n.jpg 250w, https:\/\/www.lasdefleur.com\/shop\/wp-content\/uploads\/2021\/09\/243158354_2998342480451690_9112799270283922937_n-100x100.jpg 100w, https:\/\/www.lasdefleur.com\/shop\/wp-content\/uploads\/2021\/09\/243158354_2998342480451690_9112799270283922937_n-150x150.jpg 150w\" sizes=\"auto, (max-width: 250px) 100vw, 250px\" \/><\/a>\n\t\t<ul class=\"product-btn in-thumb flex\">\n\t\t\t\t\t\t\t<li><a href=\"https:\/\/www.lasdefleur.com\/shop\/boutique\/bouquets\/bouquet-mystere\/\" data-quantity=\"1\" class=\"button-cart button product_type_variable add_to_cart_button\" data-product_id=\"3429\" data-product_sku=\"\" aria-label=\"S\u00e9lectionner les options pour &ldquo;Bouquet myst\u00e8re&rdquo;\" rel=\"nofollow\"><span class=\"tooltip\">Choix des options<\/span><\/a><\/li>\n\t\t\t\n\t\t\t\t\t<\/ul>\n\t<\/div>\n\n\t<div class=\"product-info\">\n\t\t<div class=\"product-cat\"> <a href=\"https:\/\/www.lasdefleur.com\/shop\/product-category\/bouquets\/\" rel=\"tag\">Bouquets<\/a>, <a href=\"https:\/\/www.lasdefleur.com\/shop\/product-category\/page-daccueil\/\" rel=\"tag\">Page d'accueil<\/a><\/div>\n\t\t<a href=\"https:\/\/www.lasdefleur.com\/shop\/boutique\/bouquets\/bouquet-mystere\/\" class=\"woocommerce-LoopProduct-link woocommerce-loop-product__link\">Bouquet myst\u00e8re<\/a>\n\t\t\n\t<span class=\"price\">A partir de <span class=\"woocommerce-Price-amount amount\"><bdi>40,00&nbsp;<span class=\"woocommerce-Price-currencySymbol\">&euro;<\/span><\/bdi><\/span><\/span>\n\n\t<\/div>\n\n<\/div>\n<\/div>\n\n    \t\t\t\t\n    \t\t\t\t\t\n<div class=\"product-item product-design-grid product-style-1 hover-image-load post-3492 product type-product status-publish has-post-thumbnail product_cat-bouquets product_cat-page-daccueil  instock taxable shipping-taxable purchasable product-type-variable\">\n\t\n<div class=\"product-box product-preset-2e2e2e\">\n\t<div class=\"product-thumb pr oh\">\n\t\t<a href=\"https:\/\/www.lasdefleur.com\/shop\/boutique\/bouquets\/bouquet-vitamine\/\" class=\"woocommerce-LoopProduct-link woocommerce-loop-product__link\"><img loading=\"lazy\" decoding=\"async\" width=\"1709\" height=\"1709\" src=\"https:\/\/www.lasdefleur.com\/shop\/wp-content\/uploads\/2025\/04\/54479633477_03d743ca95_o-scaled-e1745959861353.jpg\" class=\"attachment-shop_catalog size-shop_catalog\" alt=\"Bouquet Olivia\" srcset=\"https:\/\/www.lasdefleur.com\/shop\/wp-content\/uploads\/2025\/04\/54479633477_03d743ca95_o-scaled-e1745959861353.jpg 1709w, https:\/\/www.lasdefleur.com\/shop\/wp-content\/uploads\/2025\/04\/54479633477_03d743ca95_o-scaled-e1745959861353-300x300.jpg 300w, https:\/\/www.lasdefleur.com\/shop\/wp-content\/uploads\/2025\/04\/54479633477_03d743ca95_o-scaled-e1745959861353-1024x1024.jpg 1024w, https:\/\/www.lasdefleur.com\/shop\/wp-content\/uploads\/2025\/04\/54479633477_03d743ca95_o-scaled-e1745959861353-150x150.jpg 150w, https:\/\/www.lasdefleur.com\/shop\/wp-content\/uploads\/2025\/04\/54479633477_03d743ca95_o-scaled-e1745959861353-768x768.jpg 768w, https:\/\/www.lasdefleur.com\/shop\/wp-content\/uploads\/2025\/04\/54479633477_03d743ca95_o-scaled-e1745959861353-1536x1536.jpg 1536w, https:\/\/www.lasdefleur.com\/shop\/wp-content\/uploads\/2025\/04\/54479633477_03d743ca95_o-scaled-e1745959861353-450x450.jpg 450w, https:\/\/www.lasdefleur.com\/shop\/wp-content\/uploads\/2025\/04\/54479633477_03d743ca95_o-scaled-e1745959861353-600x600.jpg 600w, https:\/\/www.lasdefleur.com\/shop\/wp-content\/uploads\/2025\/04\/54479633477_03d743ca95_o-scaled-e1745959861353-100x100.jpg 100w\" sizes=\"auto, (max-width: 1709px) 100vw, 1709px\" \/><\/a>\n\t\t<ul class=\"product-btn in-thumb flex\">\n\t\t\t\t\t\t\t<li><a href=\"https:\/\/www.lasdefleur.com\/shop\/boutique\/bouquets\/bouquet-vitamine\/\" data-quantity=\"1\" class=\"button-cart button product_type_variable add_to_cart_button\" data-product_id=\"3492\" data-product_sku=\"\" aria-label=\"S\u00e9lectionner les options pour &ldquo;Bouquet Olivia&rdquo;\" rel=\"nofollow\"><span class=\"tooltip\">Choix des options<\/span><\/a><\/li>\n\t\t\t\n\t\t\t\t\t<\/ul>\n\t<\/div>\n\n\t<div class=\"product-info\">\n\t\t<div class=\"product-cat\"> <a href=\"https:\/\/www.lasdefleur.com\/shop\/product-category\/bouquets\/\" rel=\"tag\">Bouquets<\/a>, <a href=\"https:\/\/www.lasdefleur.com\/shop\/product-category\/page-daccueil\/\" rel=\"tag\">Page d'accueil<\/a><\/div>\n\t\t<a href=\"https:\/\/www.lasdefleur.com\/shop\/boutique\/bouquets\/bouquet-vitamine\/\" class=\"woocommerce-LoopProduct-link woocommerce-loop-product__link\">Bouquet Olivia<\/a>\n\t\t\n\t<span class=\"price\">A partir de <span class=\"woocommerce-Price-amount amount\"><bdi>40,00&nbsp;<span class=\"woocommerce-Price-currencySymbol\">&euro;<\/span><\/bdi><\/span><\/span>\n\n\t<\/div>\n\n<\/div>\n<\/div>\n\n    \t\t\t\t\n    \t\t\t\t\t\n<div class=\"product-item product-design-grid product-style-1 hover-image-load post-3402 product type-product status-publish has-post-thumbnail product_cat-bouquets product_cat-page-daccueil  instock taxable shipping-taxable purchasable product-type-variable\">\n\t\n<div class=\"product-box product-preset-2e2e2e\">\n\t<div class=\"product-thumb pr oh\">\n\t\t<a href=\"https:\/\/www.lasdefleur.com\/shop\/boutique\/bouquets\/bouquet-pure\/\" class=\"woocommerce-LoopProduct-link woocommerce-loop-product__link\"><img loading=\"lazy\" decoding=\"async\" width=\"1709\" height=\"1707\" src=\"https:\/\/www.lasdefleur.com\/shop\/wp-content\/uploads\/2025\/04\/54480679359_032d781a11_o-scaled-e1745959766503.jpg\" class=\"attachment-shop_catalog size-shop_catalog\" alt=\"Bouquet Pure\" srcset=\"https:\/\/www.lasdefleur.com\/shop\/wp-content\/uploads\/2025\/04\/54480679359_032d781a11_o-scaled-e1745959766503.jpg 1709w, https:\/\/www.lasdefleur.com\/shop\/wp-content\/uploads\/2025\/04\/54480679359_032d781a11_o-scaled-e1745959766503-300x300.jpg 300w, https:\/\/www.lasdefleur.com\/shop\/wp-content\/uploads\/2025\/04\/54480679359_032d781a11_o-scaled-e1745959766503-1024x1024.jpg 1024w, https:\/\/www.lasdefleur.com\/shop\/wp-content\/uploads\/2025\/04\/54480679359_032d781a11_o-scaled-e1745959766503-150x150.jpg 150w, https:\/\/www.lasdefleur.com\/shop\/wp-content\/uploads\/2025\/04\/54480679359_032d781a11_o-scaled-e1745959766503-768x767.jpg 768w, https:\/\/www.lasdefleur.com\/shop\/wp-content\/uploads\/2025\/04\/54480679359_032d781a11_o-scaled-e1745959766503-1536x1534.jpg 1536w, https:\/\/www.lasdefleur.com\/shop\/wp-content\/uploads\/2025\/04\/54480679359_032d781a11_o-scaled-e1745959766503-450x450.jpg 450w, https:\/\/www.lasdefleur.com\/shop\/wp-content\/uploads\/2025\/04\/54480679359_032d781a11_o-scaled-e1745959766503-600x599.jpg 600w, https:\/\/www.lasdefleur.com\/shop\/wp-content\/uploads\/2025\/04\/54480679359_032d781a11_o-scaled-e1745959766503-100x100.jpg 100w\" sizes=\"auto, (max-width: 1709px) 100vw, 1709px\" \/><\/a>\n\t\t<ul class=\"product-btn in-thumb flex\">\n\t\t\t\t\t\t\t<li><a href=\"https:\/\/www.lasdefleur.com\/shop\/boutique\/bouquets\/bouquet-pure\/\" data-quantity=\"1\" class=\"button-cart button product_type_variable add_to_cart_button\" data-product_id=\"3402\" data-product_sku=\"\" aria-label=\"S\u00e9lectionner les options pour &ldquo;Bouquet Pure&rdquo;\" rel=\"nofollow\"><span class=\"tooltip\">Choix des options<\/span><\/a><\/li>\n\t\t\t\n\t\t\t\t\t<\/ul>\n\t<\/div>\n\n\t<div class=\"product-info\">\n\t\t<div class=\"product-cat\"> <a href=\"https:\/\/www.lasdefleur.com\/shop\/product-category\/bouquets\/\" rel=\"tag\">Bouquets<\/a>, <a href=\"https:\/\/www.lasdefleur.com\/shop\/product-category\/page-daccueil\/\" rel=\"tag\">Page d'accueil<\/a><\/div>\n\t\t<a href=\"https:\/\/www.lasdefleur.com\/shop\/boutique\/bouquets\/bouquet-pure\/\" class=\"woocommerce-LoopProduct-link woocommerce-loop-product__link\">Bouquet Pure<\/a>\n\t\t\n\t<span class=\"price\">A partir de <span class=\"woocommerce-Price-amount amount\"><bdi>40,00&nbsp;<span class=\"woocommerce-Price-currencySymbol\">&euro;<\/span><\/bdi><\/span><\/span>\n\n\t<\/div>\n\n<\/div>\n<\/div>\n\n    \t\t\t\t\n    \t\t\t\t\t\n<div class=\"product-item product-design-grid product-style-1 hover-image-load post-3411 product type-product status-publish has-post-thumbnail product_cat-bouquets product_cat-page-daccueil last instock taxable shipping-taxable purchasable product-type-variable\">\n\t\n<div class=\"product-box product-preset-2e2e2e\">\n\t<div class=\"product-thumb pr oh\">\n\t\t<a href=\"https:\/\/www.lasdefleur.com\/shop\/boutique\/bouquets\/bouquet-romantique\/\" class=\"woocommerce-LoopProduct-link woocommerce-loop-product__link\"><img loading=\"lazy\" decoding=\"async\" width=\"1709\" height=\"1709\" src=\"https:\/\/www.lasdefleur.com\/shop\/wp-content\/uploads\/2025\/04\/54480678889_ee72512ed6_o-scaled-e1745959690910.jpg\" class=\"attachment-shop_catalog size-shop_catalog\" alt=\"Bouquet romantique\" srcset=\"https:\/\/www.lasdefleur.com\/shop\/wp-content\/uploads\/2025\/04\/54480678889_ee72512ed6_o-scaled-e1745959690910.jpg 1709w, https:\/\/www.lasdefleur.com\/shop\/wp-content\/uploads\/2025\/04\/54480678889_ee72512ed6_o-scaled-e1745959690910-300x300.jpg 300w, https:\/\/www.lasdefleur.com\/shop\/wp-content\/uploads\/2025\/04\/54480678889_ee72512ed6_o-scaled-e1745959690910-1024x1024.jpg 1024w, https:\/\/www.lasdefleur.com\/shop\/wp-content\/uploads\/2025\/04\/54480678889_ee72512ed6_o-scaled-e1745959690910-150x150.jpg 150w, https:\/\/www.lasdefleur.com\/shop\/wp-content\/uploads\/2025\/04\/54480678889_ee72512ed6_o-scaled-e1745959690910-768x768.jpg 768w, https:\/\/www.lasdefleur.com\/shop\/wp-content\/uploads\/2025\/04\/54480678889_ee72512ed6_o-scaled-e1745959690910-1536x1536.jpg 1536w, https:\/\/www.lasdefleur.com\/shop\/wp-content\/uploads\/2025\/04\/54480678889_ee72512ed6_o-scaled-e1745959690910-450x450.jpg 450w, https:\/\/www.lasdefleur.com\/shop\/wp-content\/uploads\/2025\/04\/54480678889_ee72512ed6_o-scaled-e1745959690910-600x600.jpg 600w, https:\/\/www.lasdefleur.com\/shop\/wp-content\/uploads\/2025\/04\/54480678889_ee72512ed6_o-scaled-e1745959690910-100x100.jpg 100w\" sizes=\"auto, (max-width: 1709px) 100vw, 1709px\" \/><\/a>\n\t\t<ul class=\"product-btn in-thumb flex\">\n\t\t\t\t\t\t\t<li><a href=\"https:\/\/www.lasdefleur.com\/shop\/boutique\/bouquets\/bouquet-romantique\/\" data-quantity=\"1\" class=\"button-cart button product_type_variable add_to_cart_button\" data-product_id=\"3411\" data-product_sku=\"\" aria-label=\"S\u00e9lectionner les options pour &ldquo;Bouquet romantique&rdquo;\" rel=\"nofollow\"><span class=\"tooltip\">Choix des options<\/span><\/a><\/li>\n\t\t\t\n\t\t\t\t\t<\/ul>\n\t<\/div>\n\n\t<div class=\"product-info\">\n\t\t<div class=\"product-cat\"> <a href=\"https:\/\/www.lasdefleur.com\/shop\/product-category\/bouquets\/\" rel=\"tag\">Bouquets<\/a>, <a href=\"https:\/\/www.lasdefleur.com\/shop\/product-category\/page-daccueil\/\" rel=\"tag\">Page d'accueil<\/a><\/div>\n\t\t<a href=\"https:\/\/www.lasdefleur.com\/shop\/boutique\/bouquets\/bouquet-romantique\/\" class=\"woocommerce-LoopProduct-link woocommerce-loop-product__link\">Bouquet romantique<\/a>\n\t\t\n\t<span class=\"price\">A partir de <span class=\"woocommerce-Price-amount amount\"><bdi>40,00&nbsp;<span class=\"woocommerce-Price-currencySymbol\">&euro;<\/span><\/bdi><\/span><\/span>\n\n\t<\/div>\n\n<\/div>\n<\/div>\n\n    \t\t\t\t\n    \t\t\t\t\t\n<div class=\"product-item product-design-grid product-style-1 hover-image-load post-9201 product type-product status-publish has-post-thumbnail product_cat-bouquets product_cat-page-daccueil first instock taxable shipping-taxable purchasable product-type-variable\">\n\t\n<div class=\"product-box product-preset-2e2e2e\">\n\t<div class=\"product-thumb pr oh\">\n\t\t<a href=\"https:\/\/www.lasdefleur.com\/shop\/boutique\/bouquets\/bouquet-roses-rouges-saint-valentin\/\" class=\"woocommerce-LoopProduct-link woocommerce-loop-product__link\"><img loading=\"lazy\" decoding=\"async\" width=\"1300\" height=\"1300\" src=\"https:\/\/www.lasdefleur.com\/shop\/wp-content\/uploads\/2024\/02\/LOVE_L-e1707165474824.jpg\" class=\"attachment-shop_catalog size-shop_catalog\" alt=\"Bouquet Roses rouges Saint-Valentin\" srcset=\"https:\/\/www.lasdefleur.com\/shop\/wp-content\/uploads\/2024\/02\/LOVE_L-e1707165474824.jpg 1300w, https:\/\/www.lasdefleur.com\/shop\/wp-content\/uploads\/2024\/02\/LOVE_L-e1707165474824-300x300.jpg 300w, https:\/\/www.lasdefleur.com\/shop\/wp-content\/uploads\/2024\/02\/LOVE_L-e1707165474824-1024x1024.jpg 1024w, https:\/\/www.lasdefleur.com\/shop\/wp-content\/uploads\/2024\/02\/LOVE_L-e1707165474824-150x150.jpg 150w, https:\/\/www.lasdefleur.com\/shop\/wp-content\/uploads\/2024\/02\/LOVE_L-e1707165474824-768x768.jpg 768w, https:\/\/www.lasdefleur.com\/shop\/wp-content\/uploads\/2024\/02\/LOVE_L-e1707165474824-450x450.jpg 450w, https:\/\/www.lasdefleur.com\/shop\/wp-content\/uploads\/2024\/02\/LOVE_L-e1707165474824-600x600.jpg 600w, https:\/\/www.lasdefleur.com\/shop\/wp-content\/uploads\/2024\/02\/LOVE_L-e1707165474824-100x100.jpg 100w\" sizes=\"auto, (max-width: 1300px) 100vw, 1300px\" \/><\/a>\n\t\t<ul class=\"product-btn in-thumb flex\">\n\t\t\t\t\t\t\t<li><a href=\"https:\/\/www.lasdefleur.com\/shop\/boutique\/bouquets\/bouquet-roses-rouges-saint-valentin\/\" data-quantity=\"1\" class=\"button-cart button product_type_variable add_to_cart_button\" data-product_id=\"9201\" data-product_sku=\"\" aria-label=\"S\u00e9lectionner les options pour &ldquo;Bouquet Roses rouges Saint-Valentin&rdquo;\" rel=\"nofollow\"><span class=\"tooltip\">Choix des options<\/span><\/a><\/li>\n\t\t\t\n\t\t\t\t\t<\/ul>\n\t<\/div>\n\n\t<div class=\"product-info\">\n\t\t<div class=\"product-cat\"> <a href=\"https:\/\/www.lasdefleur.com\/shop\/product-category\/bouquets\/\" rel=\"tag\">Bouquets<\/a>, <a href=\"https:\/\/www.lasdefleur.com\/shop\/product-category\/page-daccueil\/\" rel=\"tag\">Page d'accueil<\/a><\/div>\n\t\t<a href=\"https:\/\/www.lasdefleur.com\/shop\/boutique\/bouquets\/bouquet-roses-rouges-saint-valentin\/\" class=\"woocommerce-LoopProduct-link woocommerce-loop-product__link\">Bouquet Roses rouges Saint-Valentin<\/a>\n\t\t\n\t<span class=\"price\">A partir de <span class=\"woocommerce-Price-amount amount\"><bdi>50,00&nbsp;<span class=\"woocommerce-Price-currencySymbol\">&euro;<\/span><\/bdi><\/span><\/span>\n\n\t<\/div>\n\n<\/div>\n<\/div>\n\n    \t\t\t\t\n    \t\t\t\t\t\n<div class=\"product-item product-design-grid product-style-1 hover-image-load post-3447 product type-product status-publish has-post-thumbnail product_cat-bouquets product_cat-page-daccueil  instock taxable shipping-taxable purchasable product-type-variable\">\n\t\n<div class=\"product-box product-preset-2e2e2e\">\n\t<div class=\"product-thumb pr oh\">\n\t\t<a href=\"https:\/\/www.lasdefleur.com\/shop\/boutique\/bouquets\/bouquet-josephine\/\" class=\"woocommerce-LoopProduct-link woocommerce-loop-product__link\"><img loading=\"lazy\" decoding=\"async\" width=\"1709\" height=\"1709\" src=\"https:\/\/www.lasdefleur.com\/shop\/wp-content\/uploads\/2025\/04\/54480758838_35923ce111_o-scaled-e1745959051122.jpg\" class=\"attachment-shop_catalog size-shop_catalog\" alt=\"Bouquet Tia\" srcset=\"https:\/\/www.lasdefleur.com\/shop\/wp-content\/uploads\/2025\/04\/54480758838_35923ce111_o-scaled-e1745959051122.jpg 1709w, https:\/\/www.lasdefleur.com\/shop\/wp-content\/uploads\/2025\/04\/54480758838_35923ce111_o-scaled-e1745959051122-300x300.jpg 300w, https:\/\/www.lasdefleur.com\/shop\/wp-content\/uploads\/2025\/04\/54480758838_35923ce111_o-scaled-e1745959051122-1024x1024.jpg 1024w, https:\/\/www.lasdefleur.com\/shop\/wp-content\/uploads\/2025\/04\/54480758838_35923ce111_o-scaled-e1745959051122-150x150.jpg 150w, https:\/\/www.lasdefleur.com\/shop\/wp-content\/uploads\/2025\/04\/54480758838_35923ce111_o-scaled-e1745959051122-768x768.jpg 768w, https:\/\/www.lasdefleur.com\/shop\/wp-content\/uploads\/2025\/04\/54480758838_35923ce111_o-scaled-e1745959051122-1536x1536.jpg 1536w, https:\/\/www.lasdefleur.com\/shop\/wp-content\/uploads\/2025\/04\/54480758838_35923ce111_o-scaled-e1745959051122-450x450.jpg 450w, https:\/\/www.lasdefleur.com\/shop\/wp-content\/uploads\/2025\/04\/54480758838_35923ce111_o-scaled-e1745959051122-600x600.jpg 600w, https:\/\/www.lasdefleur.com\/shop\/wp-content\/uploads\/2025\/04\/54480758838_35923ce111_o-scaled-e1745959051122-100x100.jpg 100w\" sizes=\"auto, (max-width: 1709px) 100vw, 1709px\" \/><\/a>\n\t\t<ul class=\"product-btn in-thumb flex\">\n\t\t\t\t\t\t\t<li><a href=\"https:\/\/www.lasdefleur.com\/shop\/boutique\/bouquets\/bouquet-josephine\/\" data-quantity=\"1\" class=\"button-cart button product_type_variable add_to_cart_button\" data-product_id=\"3447\" data-product_sku=\"\" aria-label=\"S\u00e9lectionner les options pour &ldquo;Bouquet Tia&rdquo;\" rel=\"nofollow\"><span class=\"tooltip\">Choix des options<\/span><\/a><\/li>\n\t\t\t\n\t\t\t\t\t<\/ul>\n\t<\/div>\n\n\t<div class=\"product-info\">\n\t\t<div class=\"product-cat\"> <a href=\"https:\/\/www.lasdefleur.com\/shop\/product-category\/bouquets\/\" rel=\"tag\">Bouquets<\/a>, <a href=\"https:\/\/www.lasdefleur.com\/shop\/product-category\/page-daccueil\/\" rel=\"tag\">Page d'accueil<\/a><\/div>\n\t\t<a href=\"https:\/\/www.lasdefleur.com\/shop\/boutique\/bouquets\/bouquet-josephine\/\" class=\"woocommerce-LoopProduct-link woocommerce-loop-product__link\">Bouquet Tia<\/a>\n\t\t\n\t<span class=\"price\">A partir de <span class=\"woocommerce-Price-amount amount\"><bdi>40,00&nbsp;<span class=\"woocommerce-Price-currencySymbol\">&euro;<\/span><\/bdi><\/span><\/span>\n\n\t<\/div>\n\n<\/div>\n<\/div>\n\n    \t\t\t\t\n                                    <\/div><\/div>\n                            \n\n\n        <\/div>\n\n\t\t[\/vc_column][\/vc_row][vc_row][vc_column width=\u00a0\u00bb1\/4&Prime;][vc_empty_space height=\u00a0\u00bb60&Prime;][vc_btn title=\u00a0\u00bbD\u00e9couvrez nos plantes\u00a0\u00bb style=\u00a0\u00bbflat\u00a0\u00bb color=\u00a0\u00bbpink\u00a0\u00bb size=\u00a0\u00bblg\u00a0\u00bb i_align=\u00a0\u00bbright\u00a0\u00bb i_icon_fontawesome=\u00a0\u00bbfa fa-caret-right\u00a0\u00bb add_icon=\u00a0\u00bbtrue\u00a0\u00bb link=\u00a0\u00bburl:https%3A%2F%2Fwww.lasdefleur.com%2Fshop%2Fplantes%2F|title:Plantes||\u00a0\u00bb][\/vc_column][vc_column width=\u00a0\u00bb1\/4&Prime;]\t\t<div class=\"service-box  vc_custom_1594801268701 wpb_animate_when_almost_visible wpb_none wpb_start_animation none service-size-large service-align-top  vc_custom_1594801268701\">\n\t\t\t<div class=\"service-box-icon\">\n\t\t\t\t<i class=\"lnr lnr-earth\"><\/i>\n\t\t\t<\/div>\n\t\t\t<div class=\"service-box-content\">\n\t\t\t\t<h3 class=\"title\">LIVRAISON LOCALE<\/h3>\n\t\t\t\t\t\t\t\t<p>L'As de Fleur livre vos commandes \u00e0 domicile dans un rayon de 20km et en moins de 48h.<\/p>\n\t\t\t<\/div>\n\t\t<\/div>\n\n\t\t<style>\n\t\t\t\t\t\t\t.service-box .service-box-icon {\n\t\t\t\t\tcolor: #f86c73;\n\t\t\t\t}\n\t\t\t\n\t\t\t\n\t\t\t\t\t<\/style>\n\n\t\t[\/vc_column][vc_column width=\u00a0\u00bb1\/4&Prime;]\t\t<div class=\"service-box  vc_custom_1594801397431 wpb_animate_when_almost_visible wpb_none wpb_start_animation none service-size-large service-align-top  vc_custom_1594801397431\">\n\t\t\t<div class=\"service-box-icon\">\n\t\t\t\t<i class=\"lnr lnr-history\"><\/i>\n\t\t\t<\/div>\n\t\t\t<div class=\"service-box-content\">\n\t\t\t\t<h3 class=\"title\">PAYER EN LIGNE<\/h3>\n\t\t\t\t\t\t\t\t<p>Gr\u00e2ce \u00e0 notre boutique en ligne, payez directement votre commande depuis chez vous.<\/p>\n\t\t\t<\/div>\n\t\t<\/div>\n\n\t\t<style>\n\t\t\t\t\t\t\t.service-box .service-box-icon {\n\t\t\t\t\tcolor: #f86c73;\n\t\t\t\t}\n\t\t\t\n\t\t\t\n\t\t\t\t\t<\/style>\n\n\t\t[\/vc_column][vc_column width=\u00a0\u00bb1\/4&Prime;]\t\t<div class=\"service-box wpb_animate_when_almost_visible wpb_none wpb_start_animation none service-size-large service-align-top\">\n\t\t\t<div class=\"service-box-icon\">\n\t\t\t\t<i class=\"lnr lnr-phone\"><\/i>\n\t\t\t<\/div>\n\t\t\t<div class=\"service-box-content\">\n\t\t\t\t<h3 class=\"title\">UNE QUESTION ?<\/h3>\n\t\t\t\t\t\t\t\t<p>Besoin d'un renseignement ? N'h\u00e9sitez pas \u00e0 nous contacter. Nous sommes \u00e0 votre enti\u00e8re disposition.<\/p>\n\t\t\t<\/div>\n\t\t<\/div>\n\n\t\t<style>\n\t\t\t\t\t\t\t.service-box .service-box-icon {\n\t\t\t\t\tcolor: #f86c73;\n\t\t\t\t}\n\t\t\t\n\t\t\t\n\t\t\t\t\t<\/style>\n\n\t\t[\/vc_column][\/vc_row]<\/p>\n","protected":false},"excerpt":{"rendered":"<p>[vc_row css=\u00a0\u00bb.vc_custom_1519263919198{margin-bottom: 52px !important;}\u00a0\u00bb][vc_column][\/vc_column][\/vc_row][vc_row][vc_column width=\u00a0\u00bb1\/4&Prime;][vc_empty_space height=\u00a0\u00bb60&Prime;][vc_btn title=\u00a0\u00bbD\u00e9couvrez nos plantes\u00a0\u00bb style=\u00a0\u00bbflat\u00a0\u00bb color=\u00a0\u00bbpink\u00a0\u00bb size=\u00a0\u00bblg\u00a0\u00bb i_align=\u00a0\u00bbright\u00a0\u00bb i_icon_fontawesome=\u00a0\u00bbfa fa-caret-right\u00a0\u00bb add_icon=\u00a0\u00bbtrue\u00a0\u00bb link=\u00a0\u00bburl:https%3A%2F%2Fwww.lasdefleur.com%2Fshop%2Fplantes%2F|title:Plantes||\u00a0\u00bb][\/vc_column][vc_column width=\u00a0\u00bb1\/4&Prime;][\/vc_column][vc_column width=\u00a0\u00bb1\/4&Prime;][\/vc_column][vc_column width=\u00a0\u00bb1\/4&Prime;][\/vc_column][\/vc_row]<\/p>\n","protected":false},"author":1,"featured_media":0,"parent":0,"menu_order":0,"comment_status":"closed","ping_status":"closed","template":"","meta":{"footnotes":""},"class_list":["post-3365","page","type-page","status-publish","hentry"],"_links":{"self":[{"href":"https:\/\/www.lasdefleur.com\/shop\/wp-json\/wp\/v2\/pages\/3365","targetHints":{"allow":["GET"]}}],"collection":[{"href":"https:\/\/www.lasdefleur.com\/shop\/wp-json\/wp\/v2\/pages"}],"about":[{"href":"https:\/\/www.lasdefleur.com\/shop\/wp-json\/wp\/v2\/types\/page"}],"author":[{"embeddable":true,"href":"https:\/\/www.lasdefleur.com\/shop\/wp-json\/wp\/v2\/users\/1"}],"replies":[{"embeddable":true,"href":"https:\/\/www.lasdefleur.com\/shop\/wp-json\/wp\/v2\/comments?post=3365"}],"version-history":[{"count":32,"href":"https:\/\/www.lasdefleur.com\/shop\/wp-json\/wp\/v2\/pages\/3365\/revisions"}],"predecessor-version":[{"id":9174,"href":"https:\/\/www.lasdefleur.com\/shop\/wp-json\/wp\/v2\/pages\/3365\/revisions\/9174"}],"wp:attachment":[{"href":"https:\/\/www.lasdefleur.com\/shop\/wp-json\/wp\/v2\/media?parent=3365"}],"curies":[{"name":"wp","href":"https:\/\/api.w.org\/{rel}","templated":true}]}}